{"id":7242,"date":"2023-04-12T14:44:31","date_gmt":"2023-04-12T14:44:31","guid":{"rendered":"https:\/\/memoriadelesilles.org\/wordpress\/?page_id=7242"},"modified":"2023-04-12T14:44:31","modified_gmt":"2023-04-12T14:44:31","slug":"manifest-14-dabril-2023","status":"publish","type":"page","link":"https:\/\/memoriadelesilles.org\/wordpress\/manifest-14-dabril-2023\/","title":{"rendered":"Manifest 14 d&#8217;abril 2023"},"content":{"rendered":"\n<div class=\"wp-block-group\"><div class=\"wp-block-group__inner-container is-layout-constrained wp-block-group-is-layout-constrained\">\n<figure class=\"wp-block-image size-full\"><img loading=\"lazy\" decoding=\"async\" width=\"1027\" height=\"166\" src=\"https:\/\/memoriadelesilles.org\/wordpress\/wp-content\/uploads\/2022\/04\/image-3.png\" alt=\"\" class=\"wp-image-6844\"\/><\/figure>\n\n\n\n<p class=\"has-medium-font-size\">El 14 d\u2019abril commemorem l\u2019aniversari de la proclamaci\u00f3 de la Segona Rep\u00fablica, enguany fa 92 anys. Un sistema de govern que va suposar un proc\u00e9s d\u2019aven\u00e7os i transformacions pol\u00edtiques, econ\u00f2miques i socials innovadores i que va assolir m\u00e9s just\u00edcia social, drets i llibertats civils.<\/p>\n\n\n\n<p class=\"has-medium-font-size\">Tamb\u00e9 \u00e9s una magn\u00edfica ocasi\u00f3 per retre homenatge a totes les v\u00edctimes del feixisme, a totes aquelles persones que van defensar la democr\u00e0cia davant del cop d\u2019Estat feixista del 1936 i a les que van lluitar per les llibertats democr\u00e0tiques durant els 40 anys de la dictadura franquista.<\/p>\n\n\n\n<p class=\"has-medium-font-size\">\u00c9s tamb\u00e9 un dia on volem manifestar la nostra condemna per la manca de just\u00edcia transicional envers les v\u00edctimes i tamb\u00e9 envers el grav\u00edssim delicte com\u00e8s contra la forma de govern de la Rep\u00fablica que mai ha estat jutjat.<\/p>\n\n\n\n<p class=\"has-medium-font-size\">Per aix\u00f2, avui volem manifestar:<\/p>\n\n\n\n<p class=\"has-medium-font-size\">Que, nosaltres no oblidam que aquella Rep\u00fablica fou enderrocada per la for\u00e7a de les armes i no a les urnes i que segueix fora del marc legal.<\/p>\n\n\n\n<p class=\"has-medium-font-size\">Que, nosaltres no oblidam a les m\u00e9s de 450.000 persones assassinades i\/o desaparegudes, els milers de detencions il\u00b7legals, tortures, violacions, treballs for\u00e7ats, espoli de bens, alteraci\u00f3 d&#8217;identitat, robatori d&#8217;infants i dem\u00e8s delictes tipificats jur\u00eddicament com a <em>crims contra la Humanitat<\/em>.<\/p>\n\n\n\n<p class=\"has-medium-font-size\">Que, nosaltres no oblidam que les v\u00edctimes, avui, segueixen fora de l\u2019empara de la llei, a conseq\u00fc\u00e8ncia dels pactes d&#8217;impunitat de la mal anomenada <em>Transici\u00f3<\/em>.<\/p>\n\n\n\n<p class=\"has-medium-font-size\">Alhora, observam amb molta preocupaci\u00f3 com, avui, sorgeixen de nou guerres, crims i refugiats. Com s\u2019estenen discursos d\u2019odi de l\u2019extrema dreta, fins ara a l\u2019ombra per\u00f2 latent. Aquesta extrema dreta que espera pacientment les conseq\u00fc\u00e8ncies de les crisis econ\u00f2miques per sembrar desconfian\u00e7a, por i odi. Disfressada de dem\u00f2crata, sense complexos i amb discursos carregats d\u2019odi que cerquen fragmentar la societat, amb el suport dels poders pol\u00edtics, judicials, econ\u00f2mics i medi\u00e0tics.<\/p>\n\n\n\n<p class=\"has-medium-font-size\">Tamb\u00e9 per aix\u00f2, nosaltres no oblidam i deim NO al feixisme i NO a les guerres i ens solidaritzam amb totes les v\u00edctimes que les pateixen.<\/p>\n\n\n\n<p class=\"has-medium-font-size\">Per finalitzar, un prec:<\/p>\n\n\n\n<p class=\"has-medium-font-size\">Apliquem el millor ant\u00eddot contra el feixisme i contra les guerres, apliquem Mem\u00f2ria.<\/p>\n\n\n\n<p class=\"has-medium-font-size\">No ho oblideu mai!<\/p>\n\n\n\n<p class=\"has-medium-font-size\">VISCA LA REP\u00daBLICA!, VISCA LA JUST\u00cdCIA I VISCA LA LLIBERTAT!<\/p>\n\n\n\n<p class=\"has-medium-font-size\">Associaci\u00f3 Mem\u00f2ria de Mallorca<\/p>\n\n\n\n<p class=\"has-medium-font-size\">Abril, 2023.<\/p>\n<\/div><\/div>\n","protected":false},"excerpt":{"rendered":"<p>El 14 d\u2019abril commemorem l\u2019aniversari de la proclamaci\u00f3 de la Segona Rep\u00fablica, enguany fa 92 anys. Un sistema de govern &hellip; <a class=\"more-link\" href=\"https:\/\/memoriadelesilles.org\/wordpress\/manifest-14-dabril-2023\/\">M\u00e9s<\/a><\/p>\n","protected":false},"author":2,"featured_media":0,"parent":0,"menu_order":0,"comment_status":"closed","ping_status":"closed","template":"","meta":{"footnotes":""},"class_list":["post-7242","page","type-page","status-publish","hentry",""],"_links":{"self":[{"href":"https:\/\/memoriadelesilles.org\/wordpress\/wp-json\/wp\/v2\/pages\/7242","targetHints":{"allow":["GET"]}}],"collection":[{"href":"https:\/\/memoriadelesilles.org\/wordpress\/wp-json\/wp\/v2\/pages"}],"about":[{"href":"https:\/\/memoriadelesilles.org\/wordpress\/wp-json\/wp\/v2\/types\/page"}],"author":[{"embeddable":true,"href":"https:\/\/memoriadelesilles.org\/wordpress\/wp-json\/wp\/v2\/users\/2"}],"replies":[{"embeddable":true,"href":"https:\/\/memoriadelesilles.org\/wordpress\/wp-json\/wp\/v2\/comments?post=7242"}],"version-history":[{"count":0,"href":"https:\/\/memoriadelesilles.org\/wordpress\/wp-json\/wp\/v2\/pages\/7242\/revisions"}],"wp:attachment":[{"href":"https:\/\/memoriadelesilles.org\/wordpress\/wp-json\/wp\/v2\/media?parent=7242"}],"curies":[{"name":"wp","href":"https:\/\/api.w.org\/{rel}","templated":true}]}}