{"id":6842,"date":"2022-04-07T19:23:26","date_gmt":"2022-04-07T19:23:26","guid":{"rendered":"https:\/\/memoriadelesilles.org\/wordpress\/?page_id=6842"},"modified":"2022-04-07T19:41:14","modified_gmt":"2022-04-07T19:41:14","slug":"%ef%bf%bc","status":"publish","type":"page","link":"https:\/\/memoriadelesilles.org\/wordpress\/%ef%bf%bc\/","title":{"rendered":""},"content":{"rendered":"\n<figure class=\"wp-block-image size-full\"><img loading=\"lazy\" decoding=\"async\" width=\"1027\" height=\"166\" src=\"https:\/\/memoriadelesilles.org\/wordpress\/wp-content\/uploads\/2022\/04\/image-3.png\" alt=\"\" class=\"wp-image-6844\"\/><\/figure>\n\n\n\n<p class=\"has-text-align-right\"><strong>14 D&#8217;ABRIL 2022<\/strong><\/p>\n\n\n\n<p class=\"has-text-align-left\" style=\"font-style:normal;font-weight:500\">El dia 12 d\u2019abril de 1931, la ciutadania de Mallorca va participar en unes eleccions municipals que suposaren, dos dies despr\u00e9s, el 14 d\u2019abril, la proclamaci\u00f3 de la <em><strong>II Rep\u00fablica<\/strong><\/em> de manera democr\u00e0tica i pac\u00edfica.<\/p>\n\n\n\n<p style=\"font-style:normal;font-weight:500\">La <em>Rep\u00fablica<\/em> treball\u00e0 intensament per assolir m\u00e9s just\u00edcia social i llibertats civils. Va implantar la separaci\u00f3 de poders de l&#8217;Estat, la la\u00efcitat, els drets laborals i sindicals, el sufragi universal, el vot de les dones, el matrimoni civil, el dret de divorci, el projecte de llei per l&#8217;avortament, la secularitzaci\u00f3 dels cementiris i espais p\u00fablics, la creaci\u00f3 del Ministeri de Sanitat i Assist\u00e8ncia Social, la reforma militar, la reforma agr\u00e0ria, la reforma de l\u2019educaci\u00f3, establint l\u2019ensenyament \u00fanic, obligatori, laic i gratu\u00eft, i la creaci\u00f3 de 10.000 noves escoles i un cos mod\u00e8lic de mestres nacionals.<\/p>\n\n\n\n<p style=\"font-style:normal;font-weight:500\">Cinc anys despr\u00e9s, un sector de l\u2019ex\u00e8rcit espanyol, amb la col\u00b7laboraci\u00f3 dels partits de dreta, especialment de Falange, i l\u2019aquiesc\u00e8ncia activa de l&#8217;Esgl\u00e9sia, dugu\u00e9 a terme un cop d\u2019estat contra el Govern legal i leg\u00edtim de la II Rep\u00fablica.<\/p>\n\n\n\n<p style=\"font-style:normal;font-weight:500\">Aquell 19 de juliol de 1936, Mallorca va deixar de ser l\u2019<em>illa de la calma<\/em> per convertir-se en l\u2019<em>illa del terror<\/em>, es va perseguir, detenir i executar a milers de persones per la seva relaci\u00f3 i la seva fidelitat amb el r\u00e8gim democr\u00e0ticament elegit pel poble. Batles, regidors, funcionaris, militars, mestres, treballadors, sindicalistes, pol\u00edtics, foren declarats enemics del nou r\u00e8gim feixista.<\/p>\n\n\n\n<p style=\"font-style:normal;font-weight:500\">Es suprimiren tots els drets i llibertats i s\u2019instal\u00b7l\u00e0 una dura i llarga dictadura de quasi 40 anys, que caus\u00e0 milers de v\u00edctimes.<\/p>\n\n\n\n<p style=\"font-style:normal;font-weight:500\">Mort el dictador, la monarquia borb\u00f2nica ratificada per la Constituci\u00f3 de 1978, amb un rei anomenat i triat per Franco, ha estat la garantia de continu\u00eftat de les estructures de poder establertes pel franquisme i de la impunitat del genocidi i crims franquistes.<\/p>\n\n\n\n<p style=\"font-style:normal;font-weight:500\">450.000 persones assassinades i\/o desaparegudes, milers de detencions il\u00b7legals, tortures, violacions, treballs for\u00e7ats, espoli de b\u00e9ns, alteraci\u00f3 d\u2019identitat, robatori d&#8217;infants i dem\u00e8s delictes tipificats jur\u00eddicament com a crims contra la Humanitat segueixen ara mateix fora de l\u2019empara de la llei, a conseq\u00fc\u00e8ncia dels pactes d&#8217;impunitat de la mal anomenada Transici\u00f3; de la mateixa manera que la Rep\u00fablica segueix fora del marc legal, proscrita i marginada, i sense jutjar el delicte contra la forma de govern com\u00e9s contra ella.<\/p>\n\n\n\n<p style=\"font-style:normal;font-weight:500\">Diuen que els pobles que obliden el seu passat estan condemnats a repetir-ho, sembla que no aprenem, de nou sorgeixen guerres, crims i refugiats que omplen els telenot\u00edcies i les fronteres d\u2019Europa, no es pot evitar comparar les imatges que el drama de les persones refugiades ens va deixant amb la d\u2019aquells refugiats espanyols que fugien de la guerra i del feixisme. A cada nova imatge en color, sorgeix amb for\u00e7a la seva hom\u00f2nima en blanc i negre.<\/p>\n\n\n\n<p style=\"font-style:normal;font-weight:500\">Nosaltres deim NO a les guerres i ens solidaritzam amb totes les v\u00edctimes que les pateixen.<\/p>\n\n\n\n<p style=\"font-style:normal;font-weight:500\">Volem tamb\u00e9 recordar avui al Poble Sahrau\u00ed, per les recents declaracions del president espanyol indicant que ha de passar a formar part del Regne de Marroc, contradient les resolucions de Nacions Unides, nosaltres ens posicionam al costat del Poble Sahrau\u00ed i del seu dret a decidir.<\/p>\n\n\n\n<p style=\"font-style:normal;font-weight:500\">Certament sembla que no aprenem, s\u2019estenen els discursos d\u2019odi de l\u2019extrema dreta, fins ara a l\u2019ombra per\u00f2 latent. Aquesta extrema dreta que ha esperat pacientment les conseq\u00fc\u00e8ncies de la crisi econ\u00f2mica i la pand\u00e8mia per sembrar desconfian\u00e7a, por i odi. Disfressada de dem\u00f2crata, sense complexos i amb discursos carregats d\u2019odi que cerquen fragmentar a la societat, amb el suport dels poders pol\u00edtics, judicials, econ\u00f2mics i medi\u00e0tics.<\/p>\n\n\n\n<p style=\"font-style:normal;font-weight:500\">Aqu\u00ed i ara, veiem com ataquen drets fonamentals a una democr\u00e0cia: els serveis socials, els drets de les dones, els col\u00b7lectius LGTBI, la diversitat cultural i ling\u00fc\u00edstica, la nostra mem\u00f2ria hist\u00f2rica. Sorgeixen de nou les seves tesis revisionistes i negacionistes, amb campanyes pagades i dirigides pels poderosos de sempre, pels que mai han deixat de controlar el poder a conseq\u00fc\u00e8ncia dels pactes del r\u00e8gim de 1978. Pactes que ha perm\u00e8s part de l\u2019esquerra que no ha tingut la destresa ni la valentia per assumir i assolir una vertadera just\u00edcia transicional. I aix\u00ed ara ens trobam amb 169 lleis franquistes vigents que bloquegen l\u2019acc\u00e9s a la veritat i a la just\u00edcia, 66 de les quals no han estat mai modificades, 43 d\u2019elles han estat signades pel mateix Franco, tot continua \u201c<em>Atado y bien atado<\/em>\u201d com ja va anunciar el dictador.<\/p>\n\n\n\n<p style=\"font-style:normal;font-weight:500\">Valoram molt positivament les pol\u00edtiques p\u00fabliques que des del <em>Govern de les Illes Balears<\/em> s\u2019estan aplicant, a trav\u00e9s de les lleis de mem\u00f2ria democr\u00e0tica auton\u00f2miques aprovades pel Parlament Balear, la de fosses i persones desaparegudes aprovada l\u2019any 2016, i la de Mem\u00f2ria i Reconeixement democr\u00e0tic el 2018.<\/p>\n\n\n\n<p style=\"font-style:normal;font-weight:500\">Per\u00f2 no podem oblidar a altres comunitats que no les tenen o a les que els seus governs auton\u00f2mics no volen aplicar o incl\u00f2s volen derogar. A m\u00e9s cal tenir en compte que el nostre govern no t\u00e9 algunes de les compet\u00e8ncies que calen perqu\u00e8 les v\u00edctimes del franquisme puguin accedir a tots els principis dels DDHH, com \u00e9s per exemple el de la Just\u00edcia.<\/p>\n\n\n\n<p style=\"font-style:normal;font-weight:500\">Es fa del tot necessari una llei de mem\u00f2ria democr\u00e0tica estatal que contempli les recomanacions que es desprenen dels informes realitzats pel Comit\u00e8 Drets Humans de l&#8217;ONU respecte a Espanya i als crims del franquisme.<\/p>\n\n\n\n<p style=\"font-style:normal;font-weight:500\">Una llei que condemni el franquisme, que reconegui jur\u00eddicament a totes les seves v\u00edctimes i que declari els crims del franquisme com a crims de lesa humanitat, que declari nul\u00b7la la Llei d\u2019Amnistia i garanteixi la tutela judicial efectiva i la reparaci\u00f3 integral a totes les v\u00edctimes del franquisme pels delictes comesos contra elles, tant per acci\u00f3 com per omissi\u00f3.<\/p>\n\n\n\n<p style=\"font-style:normal;font-weight:500\">Com a entitat respectuosa amb els DDHH que treballa pel dret a la veritat, a la just\u00edcia i a la reparaci\u00f3 i contra la impunitat dels crims franquistes, manifestam:<\/p>\n\n\n\n<ul class=\"wp-block-list\" style=\"font-style:normal;font-weight:500\"><li>La nostra condemna a les guerres i la nostra solidaritat amb les v\u00edctimes que les pateixen<\/li><li>El nostre suport al poble Sahrau\u00ed i el seu dret a decidir<\/li><li>El nostre rebuig a la corrupta monarquia borb\u00f2nica, sorgida directament de la dictadura franquista, als pactes d\u2019impunitat del r\u00e8gim de 1978.<\/li><li>La nostra solidaritat amb totes les v\u00edctimes del feixisme.<\/li><li>El nostre reconeixement a la <em>II Rep\u00fablica<\/em> com a forma de govern legal i leg\u00edtim.<\/li><\/ul>\n\n\n\n<p class=\"has-text-align-center has-large-font-size\" style=\"font-style:italic;font-weight:700\"><em>PER LA MEM\u00d2RIA, LA JUST\u00cdCIA I LA LLIBERTA<\/em><em>T!!!!<\/em><\/p>\n\n\n\n<p class=\"has-text-align-center has-x-large-font-size\" style=\"font-style:italic;font-weight:900\"><em>VISCA LA REP\u00daBLICA!!!!<\/em><\/p>\n\n\n\n<p class=\"has-text-align-right has-large-font-size\" style=\"font-style:normal;font-weight:900\"><em>Mem\u00f2ria de Mallorca<\/em><\/p>\n\n\n\n<p class=\"has-text-align-right has-large-font-size\" style=\"font-style:normal;font-weight:900\"><em>Abril 2022<\/em><\/p>\n","protected":false},"excerpt":{"rendered":"<p>14 D&#8217;ABRIL 2022 El dia 12 d\u2019abril de 1931, la ciutadania de Mallorca va participar en unes eleccions municipals que &hellip; <a class=\"more-link\" href=\"https:\/\/memoriadelesilles.org\/wordpress\/%ef%bf%bc\/\">M\u00e9s<\/a><\/p>\n","protected":false},"author":2,"featured_media":6844,"parent":0,"menu_order":0,"comment_status":"closed","ping_status":"closed","template":"","meta":{"footnotes":""},"class_list":["post-6842","page","type-page","status-publish","has-post-thumbnail","hentry",""],"_links":{"self":[{"href":"https:\/\/memoriadelesilles.org\/wordpress\/wp-json\/wp\/v2\/pages\/6842","targetHints":{"allow":["GET"]}}],"collection":[{"href":"https:\/\/memoriadelesilles.org\/wordpress\/wp-json\/wp\/v2\/pages"}],"about":[{"href":"https:\/\/memoriadelesilles.org\/wordpress\/wp-json\/wp\/v2\/types\/page"}],"author":[{"embeddable":true,"href":"https:\/\/memoriadelesilles.org\/wordpress\/wp-json\/wp\/v2\/users\/2"}],"replies":[{"embeddable":true,"href":"https:\/\/memoriadelesilles.org\/wordpress\/wp-json\/wp\/v2\/comments?post=6842"}],"version-history":[{"count":0,"href":"https:\/\/memoriadelesilles.org\/wordpress\/wp-json\/wp\/v2\/pages\/6842\/revisions"}],"wp:featuredmedia":[{"embeddable":true,"href":"https:\/\/memoriadelesilles.org\/wordpress\/wp-json\/wp\/v2\/media\/6844"}],"wp:attachment":[{"href":"https:\/\/memoriadelesilles.org\/wordpress\/wp-json\/wp\/v2\/media?parent=6842"}],"curies":[{"name":"wp","href":"https:\/\/api.w.org\/{rel}","templated":true}]}}