{"id":6812,"date":"2022-04-07T17:16:35","date_gmt":"2022-04-07T17:16:35","guid":{"rendered":"https:\/\/memoriadelesilles.org\/wordpress\/?page_id=6812"},"modified":"2024-04-01T08:15:20","modified_gmt":"2024-04-01T08:15:20","slug":"actes-14-dabril","status":"publish","type":"page","link":"https:\/\/memoriadelesilles.org\/wordpress\/actes-14-dabril\/","title":{"rendered":"Actes 14 d&#8217;abril"},"content":{"rendered":"\n<p class=\"has-text-align-center has-vivid-red-color has-text-color has-large-font-size\" style=\"font-style:italic;font-weight:800\">    A continuaci\u00f3 teniu la informaci\u00f3 sobre diferents actes en commemoraci\u00f3 del 91\u00e8 aniversari de la proclamaci\u00f3 de la II Rep\u00fablica.<\/p>\n\n\n\n<figure class=\"wp-block-image size-full\"><a href=\"https:\/\/memoriadelesilles.org\/wordpress\/%ef%bf%bc\/\" target=\"_blank\" rel=\"noopener\"><img loading=\"lazy\" decoding=\"async\" width=\"1027\" height=\"166\" src=\"https:\/\/memoriadelesilles.org\/wordpress\/wp-content\/uploads\/2022\/04\/image-2.png\" alt=\"\" class=\"wp-image-6840\"\/><\/a><\/figure>\n\n\n\n<div class=\"wp-block-media-text alignwide has-media-on-the-right is-stacked-on-mobile\" style=\"grid-template-columns:auto 73%\"><figure class=\"wp-block-media-text__media\"><img loading=\"lazy\" decoding=\"async\" width=\"1280\" height=\"720\" src=\"http:\/\/memoriadelesilles.org\/wordpress\/wp-content\/uploads\/2022\/04\/MANIFEST_CORT.jpeg\" alt=\"\" class=\"wp-image-6813 size-full\"\/><\/figure><div class=\"wp-block-media-text__content\">\n<p class=\"has-vivid-red-color has-text-color has-x-large-font-size\" style=\"font-style:italic;font-weight:800\">Palma<\/p>\n<\/div><\/div>\n\n\n\n<div class=\"wp-block-image\"><figure class=\"aligncenter size-full is-resized\"><img loading=\"lazy\" decoding=\"async\" src=\"https:\/\/memoriadelesilles.org\/wordpress\/wp-content\/uploads\/2022\/04\/MES.jpg\" alt=\"\" class=\"wp-image-6817\" width=\"599\" height=\"599\"\/><\/figure><\/div>\n\n\n\n<div class=\"wp-block-media-text alignwide has-media-on-the-right is-stacked-on-mobile\" style=\"grid-template-columns:auto 54%\"><figure class=\"wp-block-media-text__media\"><img loading=\"lazy\" decoding=\"async\" width=\"1131\" height=\"1600\" src=\"https:\/\/memoriadelesilles.org\/wordpress\/wp-content\/uploads\/2022\/04\/Bunyola-1.jpeg\" alt=\"\" class=\"wp-image-6859 size-full\"\/><\/figure><div class=\"wp-block-media-text__content\">\n<p class=\"has-luminous-vivid-amber-color has-text-color has-x-large-font-size\" style=\"font-style:italic;font-weight:800\">Bunyola<\/p>\n<\/div><\/div>\n\n\n\n<div class=\"wp-block-media-text alignwide has-media-on-the-right is-stacked-on-mobile\" style=\"grid-template-columns:auto 54%\"><figure class=\"wp-block-media-text__media\"><img loading=\"lazy\" decoding=\"async\" width=\"1131\" height=\"1600\" src=\"https:\/\/memoriadelesilles.org\/wordpress\/wp-content\/uploads\/2022\/04\/Esporles.jpeg\" alt=\"\" class=\"wp-image-6869 size-full\"\/><\/figure><div class=\"wp-block-media-text__content\">\n<p class=\"has-vivid-green-cyan-color has-text-color has-x-large-font-size\" style=\"font-style:italic;font-weight:800\">Esporles<\/p>\n<\/div><\/div>\n\n\n\n<div class=\"wp-block-media-text alignwide has-media-on-the-right is-stacked-on-mobile\" style=\"grid-template-columns:auto 62%\"><figure class=\"wp-block-media-text__media\"><img loading=\"lazy\" decoding=\"async\" width=\"720\" height=\"546\" src=\"https:\/\/memoriadelesilles.org\/wordpress\/wp-content\/uploads\/2022\/04\/SANTA-MARIA.jpg\" alt=\"\" class=\"wp-image-6814 size-full\"\/><\/figure><div class=\"wp-block-media-text__content\">\n<p class=\"has-luminous-vivid-amber-color has-text-color has-x-large-font-size\" style=\"font-style:italic;font-weight:800\">Santa Maria<\/p>\n<\/div><\/div>\n\n\n\n<div class=\"wp-block-media-text alignwide has-media-on-the-right is-stacked-on-mobile\" style=\"grid-template-columns:auto 57%\"><figure class=\"wp-block-media-text__media\"><img loading=\"lazy\" decoding=\"async\" width=\"1080\" height=\"1080\" src=\"https:\/\/memoriadelesilles.org\/wordpress\/wp-content\/uploads\/2022\/04\/SOLLER.jpg\" alt=\"\" class=\"wp-image-6815 size-full\"\/><\/figure><div class=\"wp-block-media-text__content\">\n<p class=\"has-vivid-purple-color has-text-color has-x-large-font-size\" style=\"font-style:italic;font-weight:800\">S\u00f3ller<\/p>\n<\/div><\/div>\n\n\n\n<div class=\"wp-block-media-text alignwide has-media-on-the-right is-stacked-on-mobile\" style=\"grid-template-columns:auto 61%\"><figure class=\"wp-block-media-text__media\"><img loading=\"lazy\" decoding=\"async\" width=\"1131\" height=\"1599\" src=\"https:\/\/memoriadelesilles.org\/wordpress\/wp-content\/uploads\/2022\/04\/Son-Sardina-1.jpeg\" alt=\"\" class=\"wp-image-6874 size-full\"\/><\/figure><div class=\"wp-block-media-text__content\">\n<p class=\"has-vivid-green-cyan-color has-text-color has-x-large-font-size\" style=\"font-style:italic;font-weight:800\">Son Sardina Sa Garriga<\/p>\n<\/div><\/div>\n\n\n\n<p><\/p>\n","protected":false},"excerpt":{"rendered":"<p>A continuaci\u00f3 teniu la informaci\u00f3 sobre diferents actes en commemoraci\u00f3 del 91\u00e8 aniversari de la proclamaci\u00f3 de la II Rep\u00fablica. &hellip; <a class=\"more-link\" href=\"https:\/\/memoriadelesilles.org\/wordpress\/actes-14-dabril\/\">M\u00e9s<\/a><\/p>\n","protected":false},"author":2,"featured_media":6813,"parent":0,"menu_order":0,"comment_status":"closed","ping_status":"closed","template":"","meta":{"footnotes":""},"class_list":["post-6812","page","type-page","status-publish","has-post-thumbnail","hentry",""],"_links":{"self":[{"href":"https:\/\/memoriadelesilles.org\/wordpress\/wp-json\/wp\/v2\/pages\/6812","targetHints":{"allow":["GET"]}}],"collection":[{"href":"https:\/\/memoriadelesilles.org\/wordpress\/wp-json\/wp\/v2\/pages"}],"about":[{"href":"https:\/\/memoriadelesilles.org\/wordpress\/wp-json\/wp\/v2\/types\/page"}],"author":[{"embeddable":true,"href":"https:\/\/memoriadelesilles.org\/wordpress\/wp-json\/wp\/v2\/users\/2"}],"replies":[{"embeddable":true,"href":"https:\/\/memoriadelesilles.org\/wordpress\/wp-json\/wp\/v2\/comments?post=6812"}],"version-history":[{"count":1,"href":"https:\/\/memoriadelesilles.org\/wordpress\/wp-json\/wp\/v2\/pages\/6812\/revisions"}],"predecessor-version":[{"id":7450,"href":"https:\/\/memoriadelesilles.org\/wordpress\/wp-json\/wp\/v2\/pages\/6812\/revisions\/7450"}],"wp:featuredmedia":[{"embeddable":true,"href":"https:\/\/memoriadelesilles.org\/wordpress\/wp-json\/wp\/v2\/media\/6813"}],"wp:attachment":[{"href":"https:\/\/memoriadelesilles.org\/wordpress\/wp-json\/wp\/v2\/media?parent=6812"}],"curies":[{"name":"wp","href":"https:\/\/api.w.org\/{rel}","templated":true}]}}